{"id":21,"date":"2009-04-12T20:59:50","date_gmt":"2009-04-12T20:59:50","guid":{"rendered":"http:\/\/auditec.cv\/referencias\/"},"modified":"2009-04-12T20:59:50","modified_gmt":"2009-04-12T20:59:50","slug":"referencias","status":"publish","type":"page","link":"https:\/\/auditec.cv\/fr\/referencias\/","title":{"rendered":"R\u00e9ferences"},"content":{"rendered":"<div class=\"contentLayout\">\n<div class=\"content\">\n<div class=\"Post\">\n<div class=\"Post-body\">\n<div class=\"Post-inner\">\n<div class=\"PostContent\">\n<div class=\"article\">\n<h3>Liste de quelques clients &#8211; Entreprises et autres organisations<\/h3>\n<ul>\n<li>AAC \u2013 Ag\u00eancia de Avia\u00e7\u00e3o Civil<\/li>\n<li>Agua Brava &#8211; Empresa de \u00c1guas Fogo e Brava, Lda.<\/li>\n<li>ALUCAR \u2013Empresa de Aluguer de Autom\u00f3veis, SA<\/li>\n<li>ANAC &#8211; Ag\u00eancia Nacional de Comunica\u00e7\u00f5es<\/li>\n<li>ANMCV &#8211; Associa\u00e7\u00e3o Nacional dos Munic\u00edpios Cabo-verdianos<\/li>\n<li>ARE &#8211; Ag\u00eancia de Regula\u00e7\u00e3o Econ\u00f3mica<\/li>\n<li>ASA &#8211; Aeroportos e Seguran\u00e7a A\u00e9rea, SA<\/li>\n<li>Associa\u00e7\u00e3o de Desenvolvimento Comunit\u00e1rio ABC de Patim<\/li>\n<li>Associa\u00e7\u00e3o de Desenvolvimento Comunit\u00e1rio de Cascabulho &#8211; Lacac\u00e3<\/li>\n<li>Associa\u00e7\u00e3o Liga Nazarena<\/li>\n<li>AUTOVERDE \u2013 Autom\u00f3veis de Cabo Verde , Lda.<\/li>\n<li>BAI &#8211; Banco Africano de Investimentos de Cabo Verde, SA<\/li>\n<li>BFI &#8211; Banco Fiduci\u00e1rio Internacional, I.F.I., SA<\/li>\n<li>C. VASCONCELOS Herdeiros, Lda. \u2013 Em Liquida\u00e7\u00e3o<\/li>\n<li>C\u00e2mara Municipal de S. Nicolau<\/li>\n<li>C\u00e2mara Municipal de Tarrafal de Santiago<\/li>\n<li>CCISS &#8211; C\u00e2mara de Com\u00e9rcio, Ind\u00fastria e Servi\u00e7os de Sotavento<\/li>\n<li>CI &#8211; Cabo Verde Investimentos<\/li>\n<li>CNE \u2013 Comiss\u00e3o Nacional de Elei\u00e7\u00f5es<\/li>\n<li>CONCAVE \u2013 Sociedade Cabo-verdiana de Constru\u00e7\u00e3o, SA<\/li>\n<li>Constru\u00e7\u00f5es Silva, SA<\/li>\n<li>COOPENSINO \u2013 Cooperativa de Ensino Superior (ISCEE)<\/li>\n<li>CVC &#8211; Constru\u00e7\u00f5es de Cabo Verde, SA<\/li>\n<li>CVT \u2013 Cabo Verde Telecom, SA<\/li>\n<li>FAEME &#8211; Fundo Aut\u00f3nomo de Edi\u00e7\u00e3o de Manuais Escolares<\/li>\n<li>FAMA \u2013 F\u00e1brica de Massas de Cabo Verde, SA<\/li>\n<li>FAMR &#8211; Fundo Aut\u00f3nomo de Manuten\u00e7\u00e3o Rodovi\u00e1ria<\/li>\n<li>Gabinete do Primeiro Ministro<\/li>\n<li>GTI &#8211; Gabinete T\u00e9cnico Inter Municipal de Santo Ant\u00e3o<\/li>\n<li>ICASE \u2013 Instituto Cabo-verdiano de Ac\u00e7\u00e3o Social Escolar<\/li>\n<li>ICS \u2013 Instituto Cabo-verdiano de Solidariedade<\/li>\n<li>IE \u2013 Instituto de Estradas<\/li>\n<li>IFH \u2013 Imobili\u00e1ria, Fundi\u00e1ria e Habitat, SA<\/li>\n<li>IMOTUR \u2013 Imobili\u00e1ria Tur\u00edstica de Cabo Verde, SA<\/li>\n<li>ISCJS \u2013 Instituto Superior de Ci\u00eancias Jur\u00eddicas e Sociais<\/li>\n<li>MACRO \u2013 Sociedade de Ind\u00fastria e Comercializa\u00e7\u00e3o de Materiais de Constru\u00e7\u00e3o, SA<\/li>\n<li>MARYVENT Cabo Verde Investimentos Tur\u00edsticos, SA<\/li>\n<li>Minist\u00e9rio da Economia Turismo<\/li>\n<li>Minist\u00e9rio da Educa\u00e7\u00e3o e dos Desportos<\/li>\n<li>Minist\u00e9rio da Justi\u00e7a<\/li>\n<li>Minist\u00e9rio da Sa\u00fade<\/li>\n<li>Minist\u00e9rio das Finan\u00e7as e Administra\u00e7\u00e3o P\u00fablica<\/li>\n<li>Minist\u00e9rio das Infra Estruturas, Transportes e Telecomunica\u00e7\u00f5es<\/li>\n<li>Minist\u00e9rio do Ambiente, Agricultura e Recursos Marinhos<\/li>\n<li>MOAVE \u2013 Moagem de Cabo Verde, SA<\/li>\n<li>MOURA COMPANY \u2013 Empresa de Transportes P\u00fablicos de Passageiros, Lda.<\/li>\n<li>OASIS &#8211; Organiza\u00e7\u00e3o das Associa\u00e7\u00f5es de Agricultores, Silvicultores e Pecu\u00e1rios de Santiago<\/li>\n<li>Procuradoria da Rep\u00fablica da Praia<\/li>\n<li>RM2-Gest\u00e3o de Neg\u00f3cios, Lda.<\/li>\n<li>SAAS \u2013 Servi\u00e7o de \u00c1gua e Saneamento de S. Catarina<\/li>\n<li>SAAS \u2013 Servi\u00e7o de \u00c1gua e Saneamento de S. Cruz<\/li>\n<li>SAAS \u2013 Servi\u00e7o de \u00c1gua e Saneamento de S. Domingos<\/li>\n<li>SAAS \u2013 Servi\u00e7o de \u00c1gua e Saneamento de S. Miguel<\/li>\n<li>SAAS \u2013 Servi\u00e7o de \u00c1gua e Saneamento de Tarrafal de Santiago<\/li>\n<li>SDE &#8211; Sociedade de Desenvolvimento Empresarial , SA<\/li>\n<li>Secretaria de Estado da Administra\u00e7\u00e3o P\u00fablica<\/li>\n<li>Sociedade de Desenvolvimento da Achada de Palmarejo, SA<\/li>\n<li>TECNICIL &#8211; Sociedade de Imobili\u00e1ria e Constru\u00e7\u00e3o, SA<\/li>\n<li>Tribunal Civil da Praia \u2013 2\u00ba Ju\u00edzo C\u00edvel<\/li>\n<li>TURIM \u2013 Sociedade Tur\u00edstica e Imobili\u00e1ria, SA<\/li>\n<li>UNTC-CS \u2013 Uni\u00e3o Nacional dos Trabalhadores Cabo-verdianos \u2013 Central Sindical<\/li>\n<li>VAS Cabo Verde, SA<\/li>\n<li>VERDEFAM \u2013 Associa\u00e7\u00e3o Cabo-verdiana para Protec\u00e7\u00e3o da Fam\u00edlia<\/li>\n<li>XAGUATE \u2013 Investimentos Tur\u00edsticos e Hoteleiros, SA<\/li>\n<\/ul>\n<h3>Liste de quelques clients \u2013 Projets de d\u00e9veloppement<\/h3>\n<ul>\n<li>Projet d\u2019Acc\u00e8s \u00e0 la Justice pour les Groupes Vuln\u00e9rables, y compris les Femmes<\/li>\n<li>Projet des Activit\u00e9s de Formation de l&rsquo;Institut Capverdienne de Solidarit\u00e9<\/li>\n<li>Projet d&rsquo;Appui \u00e0 la Mise en Oeuvre des \u00c9lections Locales<\/li>\n<li>Projet d&rsquo;Appui Institutionnel au Secteur de l&rsquo;\u00c9ducation<\/li>\n<li>Projet du Centre de Politique Strat\u00e9gique<\/li>\n<li>Projet de Croissance et de Comp\u00e9titivit\u00e9<\/li>\n<li>Projet d\u2019Enseignement Primaire Int\u00e9gr\u00e9 de l\u2019\u00cele de Santiago<\/li>\n<li>Projet du Fonds de Contrepartie de l&rsquo;Aide Alimentaire du Japon<\/li>\n<li>Projet de la Ligne de Cr\u00e9dit aux Municipalit\u00e9s Capverdiens<\/li>\n<li>Projet de Lutte contre la Pauvret\u00e9 au Milieu Rurale<\/li>\n<li>Projet du Plan d&rsquo;Action National pour l&rsquo;Environnement<\/li>\n<li>Projet de Production et Protection Int\u00e9gr\u00e9e des Cultures<\/li>\n<li>Projet du Programme d&rsquo;Investissement du Minist\u00e8re de l&rsquo;Agriculture et de l&rsquo;Environnement<\/li>\n<li>Projet de Protection de la Zone C\u00f4ti\u00e8re de la Ribeira Seca<\/li>\n<li>Projet de Protection des Ressources Naturelles dans de l&rsquo;\u00cele de Fogo<\/li>\n<li>Projet de R\u00e9habilitation \u00e0 Base Communautaire<\/li>\n<li>Projet du R\u00e9seau de Gestion de l&rsquo;Administration Publique<\/li>\n<li>Projet de Reboisement Int\u00e9gr\u00e9e des \u00celes de Santiago e Maio<\/li>\n<li>Projet de Renforcement des Capacit\u00e9s Techniques et Institutionnelles du Cour des Comptes<\/li>\n<li>Projet de Renforcement de la Primaut\u00e9 du Droit au Cap-Vert<\/li>\n<li>Projet de Support du Secteur Routier<\/li>\n<li>Projet d\u2019Urgence de Collecte des D\u00e9chets Solides Urbains<\/li>\n<\/ul>\n<h3>Liste de quelques clients &#8211; Bailleurs de fonds reli\u00e9s aux projets de d\u00e9veloppement<\/h3>\n<ul>\n<li>Agence Fran\u00e7aise de D\u00e9veloppement (AFD)<\/li>\n<li>Banque Africaine de D\u00e9veloppement (BAD)<\/li>\n<li>Banque de Cr\u00e9dit Allemande pour le D\u00e9veloppement (KfW)<\/li>\n<li>Banque Mondiale (BM)<\/li>\n<li>Coop\u00e9ration autrichienne<\/li>\n<li>Coop\u00e9rative Agricole pour le D\u00e9veloppement Internationale des \u00c9tats-Unis (ACDI\/VOCA)<\/li>\n<li>F\u00e9d\u00e9ration Internationale de Planification Familiale (IPPF)<\/li>\n<li>Fondation pour le Renforcement des Capacit\u00e9s en Afrique (ACBF)<\/li>\n<li>Fonds International de D\u00e9veloppement Agricole (FIDA)<\/li>\n<li>Gouvernement du Royaume du Japon<\/li>\n<li>Gouvernement du Royaume des Pays-Bas<\/li>\n<li>Programme des Nations Unies pour le D\u00e9veloppement (PNUD)<\/li>\n<li>Radda Barnen de la Su\u00e8de<\/li>\n<\/ul>\n<\/div>\n<\/div>\n<\/div>\n<\/div>\n<\/div>\n<\/div>\n<\/div>\n","protected":false},"excerpt":{"rendered":"<p>Liste de quelques clients &#8211; Entreprises et autres organisations AAC \u2013 Ag\u00eancia de Avia\u00e7\u00e3o Civil Agua Brava &#8211; Empresa de \u00c1guas Fogo e Brava, Lda. ALUCAR \u2013Empresa de Aluguer de Autom\u00f3veis, SA ANAC &#8211; Ag\u00eancia Nacional de Comunica\u00e7\u00f5es ANMCV &#8211; Associa\u00e7\u00e3o Nacional dos Munic\u00edpios Cabo-verdianos ARE &#8211; Ag\u00eancia de Regula\u00e7\u00e3o Econ\u00f3mica ASA &#8211; Aeroportos e&#8230;<\/p>\n","protected":false},"author":1,"featured_media":0,"parent":0,"menu_order":2,"comment_status":"closed","ping_status":"closed","template":"","meta":{"footnotes":""},"_links":{"self":[{"href":"https:\/\/auditec.cv\/fr\/wp-json\/wp\/v2\/pages\/21"}],"collection":[{"href":"https:\/\/auditec.cv\/fr\/wp-json\/wp\/v2\/pages"}],"about":[{"href":"https:\/\/auditec.cv\/fr\/wp-json\/wp\/v2\/types\/page"}],"author":[{"embeddable":true,"href":"https:\/\/auditec.cv\/fr\/wp-json\/wp\/v2\/users\/1"}],"replies":[{"embeddable":true,"href":"https:\/\/auditec.cv\/fr\/wp-json\/wp\/v2\/comments?post=21"}],"version-history":[{"count":0,"href":"https:\/\/auditec.cv\/fr\/wp-json\/wp\/v2\/pages\/21\/revisions"}],"wp:attachment":[{"href":"https:\/\/auditec.cv\/fr\/wp-json\/wp\/v2\/media?parent=21"}],"curies":[{"name":"wp","href":"https:\/\/api.w.org\/{rel}","templated":true}]}}