{"id":14,"date":"2009-01-05T02:32:18","date_gmt":"2009-01-05T02:32:18","guid":{"rendered":"http:\/\/auditec.cv\/normas-profissionais\/"},"modified":"2009-01-05T02:32:18","modified_gmt":"2009-01-05T02:32:18","slug":"normas-profissionais","status":"publish","type":"page","link":"https:\/\/auditec.cv\/pt\/normas-profissionais\/","title":{"rendered":"Normas Profissionais"},"content":{"rendered":"<p>No exerc\u00edcio da sua pr\u00e1tica profissional, a AUDITEC orienta-se pelo seguinte normativo:<\/p>\n<p style=\"text-align: justify;\" mce_style=\"text-align: justify;\"><span style=\"font-size: 12.16px;\" mce_style=\"font-size: 12.16px;\">A n\u00edvel nacional, pelas normas e procedimentos de<br \/>\ncontabilidade e auditoria estabelecidos ou reconhecidos pela <\/span><a href=\"http:\/\/www.auditec.cv\/docspublicos\/CNNC.zip\" mce_href=\"http:\/\/www.auditec.cv\/docspublicos\/CNNC.zip\" style=\"font-size: 12.16px;\" mce_style=\"font-size: 12.16px;\">CNNC-Comiss\u00e3o<br \/>\nNacional de Normaliza\u00e7\u00e3o Contabil\u00edstica<\/a><span style=\"font-size: 12.16px;\" mce_style=\"font-size: 12.16px;\">, pela <\/span><a href=\"http:\/\/opacc.cv\/\" mce_href=\"http:\/\/opacc.cv\/\" target=\"_blank\" style=\"font-size: 12.16px;\" mce_style=\"font-size: 12.16px;\" rel=\"noopener\">OPACC-Ordem Profissional de Auditores<br \/>\ne Contabilistas Certificados<\/a><span style=\"font-size: 12.16px;\" mce_style=\"font-size: 12.16px;\"> e por<br \/>\noutras entidades legalmente competentes, tais como <\/span><a href=\"http:\/\/www.bvc.cv\/\" mce_href=\"http:\/\/www.bvc.cv\/\" target=\"_blank\" style=\"font-size: 12.16px;\" mce_style=\"font-size: 12.16px;\" rel=\"noopener\">BCV-Banco de Cabo Verde<\/a><span style=\"font-size: 12.16px;\" mce_style=\"font-size: 12.16px;\">, enquanto entidade supervisora do sector banc\u00e1rio e<br \/>\nsegurador, <\/span><a href=\"http:\/\/www.bcv.cv\/vPT\/Mercado%20de%20Capitais\/AGMVM\/Paginas\/AGMVM.aspx\" mce_href=\"http:\/\/www.bcv.cv\/vPT\/Mercado%20de%20Capitais\/AGMVM\/Paginas\/AGMVM.aspx\" target=\"_blank\" style=\"font-size: 12.16px;\" mce_style=\"font-size: 12.16px;\" rel=\"noopener\">AGMVM-Auditoria Geral do Mercado de<br \/>\nValores Mobili\u00e1rios<\/a><span style=\"font-size: 12.16px;\" mce_style=\"font-size: 12.16px;\"> e <\/span><a href=\"http:\/\/www.tribunalcontas.cv\/\" mce_href=\"http:\/\/www.tribunalcontas.cv\/\" target=\"_blank\" style=\"font-size: 12.16px;\" mce_style=\"font-size: 12.16px;\" rel=\"noopener\">TC-Tribunal<br \/>\nde Contas de Cabo Verde<\/a><span style=\"font-size: 12.16px;\" mce_style=\"font-size: 12.16px;\">;<\/span><\/p>\n<p class=\"MsoNormal\" style=\"text-align:justify;line-height:137%\" mce_style=\"text-align:justify;line-height:137%\">\n<p class=\"MsoNormal\" style=\"text-align:justify;line-height:137%\" mce_style=\"text-align:justify;line-height:137%\"><span style=\"font-size: 12.16px;\" mce_style=\"font-size: 12.16px;\">A n\u00edvel internacional, pelas normas e procedimentos de<br \/>\ncontabilidade e auditoria estabelecidos pela I<\/span><a href=\"http:\/\/www.iasb.org\/\" mce_href=\"http:\/\/www.iasb.org\/\" target=\"_blank\" style=\"font-size: 12.16px;\" mce_style=\"font-size: 12.16px;\" rel=\"noopener\">ASB-International<br \/>\nAccounting Standards Board<\/a><span style=\"font-size: 12.16px;\" mce_style=\"font-size: 12.16px;\"> e<br \/>\noutras associa\u00e7\u00f5es profissionais de reconhecida compet\u00eancia, particularmente a <\/span><a href=\"http:\/\/www.ifac.org\/IAASB\/Pronouncements.php\" mce_href=\"http:\/\/www.ifac.org\/IAASB\/Pronouncements.php\" target=\"_blank\" style=\"font-size: 12.16px;\" mce_style=\"font-size: 12.16px;\" rel=\"noopener\">IFAC-International Federation of<br \/>\nAccountants.<\/a><\/p>\n<p class=\"MsoNormal\" style=\"text-align:justify;line-height:137%\" mce_style=\"text-align:justify;line-height:137%\">\n<p class=\"MsoNormal\" style=\"text-align:justify;line-height:137%\" mce_style=\"text-align:justify;line-height:137%\"><span style=\"font-size: 12.16px;\" mce_style=\"font-size: 12.16px;\">Complementarmente, e no que concerne a auditoria dos<br \/>\nprojetos de desenvolvimento, financiados por doadores de fundos internacionais,<br \/>\na AUDITEC leva em considera\u00e7\u00e3o as regras acordadas com os referidos doadores,<br \/>\nem particular as que se referem: \u00e0 abertura e funcionamento de contas especiais<br \/>\nem divisas; relat\u00f3rios t\u00e9cnicos e financeiros a serem elaborados; e mecanismos<br \/>\nde desembolso de fundos. Por outro lado, orienta-se pelas normas e<br \/>\nprocedimentos gerais emitidos pelos citados doadores, nomeadamente os relativos<br \/>\n\u00e0: contrata\u00e7\u00e3o de consultores; aquisi\u00e7\u00e3o de bens e servi\u00e7os; e contabilidade e<br \/>\nauditoria dos projetos; bem como pelas outras normas, procedimentos,<br \/>\nregulamentos e condi\u00e7\u00f5es adicionais espec\u00edficas de cada financiamento e\/ou<br \/>\nprojeto.<\/span><\/p>\n<p class=\"MsoNormal\" style=\"text-align:justify;line-height:137%\" mce_style=\"text-align:justify;line-height:137%\">\n<p style=\"text-align: justify;\" mce_style=\"text-align: justify;\">\n","protected":false},"excerpt":{"rendered":"<p>No exerc\u00edcio da sua pr\u00e1tica profissional, a AUDITEC orienta-se pelo seguinte normativo:<\/p>\n","protected":false},"author":1,"featured_media":0,"parent":0,"menu_order":5,"comment_status":"closed","ping_status":"closed","template":"","meta":{"footnotes":""},"_links":{"self":[{"href":"https:\/\/auditec.cv\/pt\/wp-json\/wp\/v2\/pages\/14"}],"collection":[{"href":"https:\/\/auditec.cv\/pt\/wp-json\/wp\/v2\/pages"}],"about":[{"href":"https:\/\/auditec.cv\/pt\/wp-json\/wp\/v2\/types\/page"}],"author":[{"embeddable":true,"href":"https:\/\/auditec.cv\/pt\/wp-json\/wp\/v2\/users\/1"}],"replies":[{"embeddable":true,"href":"https:\/\/auditec.cv\/pt\/wp-json\/wp\/v2\/comments?post=14"}],"version-history":[{"count":0,"href":"https:\/\/auditec.cv\/pt\/wp-json\/wp\/v2\/pages\/14\/revisions"}],"wp:attachment":[{"href":"https:\/\/auditec.cv\/pt\/wp-json\/wp\/v2\/media?parent=14"}],"curies":[{"name":"wp","href":"https:\/\/api.w.org\/{rel}","templated":true}]}}